{"id":5303,"date":"2024-01-05T00:04:32","date_gmt":"2024-01-04T23:04:32","guid":{"rendered":"https:\/\/chimerakultur.pl\/?page_id=5303"},"modified":"2025-07-21T19:34:03","modified_gmt":"2025-07-21T17:34:03","slug":"%d1%81%d1%82%d0%b0%d1%82%d1%83%d1%82","status":"publish","type":"page","link":"https:\/\/chimerakultur.pl\/?page_id=5303&lang=uk","title":{"rendered":"\u0421\u0442\u0430\u0442\u0443\u0442"},"content":{"rendered":"\n<div class=\"wp-block-uagb-container uagb-block-5a7938ab alignfull uagb-is-root-container\"><div class=\"uagb-container-inner-blocks-wrap\">\n<div class=\"wp-block-uagb-info-box uagb-block-387e81fb uagb-infobox__content-wrap  uagb-infobox-icon-above-title uagb-infobox-image-valign-top\"><div class=\"uagb-ifb-content\"><div class=\"uagb-ifb-title-wrap\"><span class=\"uagb-ifb-title-prefix\">\u041d\u0410\u0428\u0410 \u0412\u0406\u0414\u041a\u0420\u0418\u0422\u0406\u0421\u0422\u042c<\/span><div class=\"uagb-ifb-separator\"><\/div><h1 class=\"uagb-ifb-title\">\u0421\u0422\u0410\u0422\u0423\u0422 \u0424\u0423\u041d\u0414\u0410\u0426\u0406\u0407<\/h1><\/div><\/div><\/div>\n<\/div><\/div>\n\n\n\n<div class=\"wp-block-columns is-layout-flex wp-container-core-columns-is-layout-28f84493 wp-block-columns-is-layout-flex\">\n<div class=\"wp-block-column is-layout-flow wp-block-column-is-layout-flow\" style=\"flex-basis:100%\">\n<p class=\"has-text-align-center\"><strong>\u00a7 1<\/strong><\/p>\n\n\n\n<p style=\"font-size:16px\">Fundacja pod nazw\u0105 Fundacja \u201eChimera Kultur\u201d, zwana dalej Fundacj\u0105, ustanowiona przez Vasyla Herasymchuka, Hann\u0119 Yaminsk\u0105, Olh\u0119 Sydorenko, Kristin\u0119 Kozlov\u0105 zwanych dalej fundatorami, aktem notarialnym sporz\u0105dzonym przez zast\u0119pc\u0119 notarialnego Katarzyn\u0119 Kuci\u0144sk\u0105-Tomczyk, zast\u0119puj\u0105c\u0105 notariusz Ew\u0119 Knuplerz, w kancelarii notarialnej Knuplerz&amp;Partnerzy notariusze \u2013 Grzeg\u00f3rzecka sp\u00f3\u0142ka partnerska w Krakowie przy ul. Grzeg\u00f3rzeckiej nr 105\/1, w dniu 22.07.2023 dzia\u0142a na podstawie przepis\u00f3w prawa polskiego oraz niniejszego statutu.<\/p>\n\n\n\n<ol class=\"wp-block-list\">\n<li>Fundacja jest apolityczna i niezwi\u0105zana z \u017cadnym wyznaniem.\u00a0<\/li>\n\n\n\n<li>Fundacja ma prawo do u\u017cywania swojej nazwy w t\u0142umaczeniu na j\u0119zyk angielski w brzmieniu Foundation \u201eChimera of Cultures oraz w t\u0142umaczeniu na j\u0119zyk ukrai\u0144ski w brzmieniu\u00a0 \u0424\u043e\u043d\u0434 \u201e\u0425\u0438\u043c\u0435\u0440\u0430 \u041a\u0443\u043b\u044c\u0442\u0443\u0440\u201d.<\/li>\n<\/ol>\n\n\n\n<p class=\"has-text-align-center\"><strong>\u00a7 2<\/strong><\/p>\n\n\n\n<ol class=\"wp-block-list\">\n<li>Fundacja ma osobowo\u015b\u0107 prawn\u0105.<\/li>\n\n\n\n<li>Czas trwania Fundacji jest nieograniczony.<\/li>\n<\/ol>\n\n\n\n<p class=\"has-text-align-center\"><strong>\u00a7 3<\/strong><\/p>\n\n\n\n<p class=\"has-text-align-left\"><strong><br><\/strong>Fundacja dzia\u0142a na podstawie obowi\u0105zuj\u0105cej ustawy z dnia 6 kwietnia 1984 r. o fundacjach (Dz. U. Nr 46 z 1991 r., poz.203), innych akt\u00f3w prawnych oraz niniejszego Statutu.<\/p>\n\n\n\n<p class=\"has-text-align-center\"><strong>\u00a7 4<\/strong><\/p>\n\n\n\n<p><strong><br><\/strong>Siedzib\u0105 Fundacji jest Miasto Krak\u00f3w .<\/p>\n\n\n\n<p class=\"has-text-align-center\"><strong>\u00a7 5<\/strong><\/p>\n\n\n\n<ol class=\"wp-block-list\">\n<li>Obszarem, na kt\u00f3rym dzia\u0142a Fundacja, jest terytorium Rzeczypospolitej Polskiej.<\/li>\n\n\n\n<li>Dopuszczalne jest prowadzenie dzia\u0142alno\u015bci tak\u017ce poza granicami Rzeczypospolitej Polskiej.<\/li>\n<\/ol>\n\n\n\n<p class=\"has-text-align-center\"><strong>\u00a7 6<\/strong><\/p>\n\n\n\n<p><strong><br><\/strong>Fundacja sporz\u0105dza roczne sprawozdanie merytoryczne ze swojej dzia\u0142alno\u015bci, kt\u00f3re podaje do publicznej wiadomo\u015bci oraz przekazuje w\u0142a\u015bciwym organom pa\u0144stwowym sprawuj\u0105cym kontrol\u0119 nad organizacj\u0105, a mianowicie Ministrowi w\u0142a\u015bciwemu ds. Kultury i Dziedzictwa Narodowego.<\/p>\n\n\n\n<p class=\"has-text-align-center\"><strong>\u00a7 7<\/strong><\/p>\n\n\n\n<ol class=\"wp-block-list\">\n<li>Fundacja mo\u017ce u\u017cywa\u0107 znaku graficznego Fundacji z napisem wskazuj\u0105cym jej misj\u0119 lub nazw\u0119.<\/li>\n\n\n\n<li>Fundacja ma prawo ustanawia\u0107 certyfikaty, odznaki, medale honorowe oraz inne formy wyr\u00f3\u017cnie\u0144 i przyznawa\u0107 je osobom fizycznym i prawnym, kt\u00f3re w szczeg\u00f3lny spos\u00f3b przyczyni\u0142y si\u0119 do realizacji cel\u00f3w Fundacji lub wnios\u0142y istotny wk\u0142ad w jej dzia\u0142alno\u015b\u0107.<\/li>\n\n\n\n<li>Osoby szczeg\u00f3lnie zas\u0142u\u017cone dla Fundacji mog\u0105 by\u0107 wyr\u00f3\u017cnione honorowym tytu\u0142em \u201ePrzyjaciel Fundacji\u201d.<\/li>\n\n\n\n<li>Tytu\u0142 \u201ePrzyjaciela Fundacji\u201d nadaje Zarz\u0105d Fundacji.<\/li>\n<\/ol>\n\n\n\n<p class=\"has-text-align-center\"><strong>\u00a78<\/strong><\/p>\n\n\n\n<ol class=\"wp-block-list\">\n<li>Fundacja mo\u017ce tworzy\u0107 jednostki terenowe, oddzia\u0142y, zak\u0142ady, przedstawicielstwa, filie oraz inne jednostki organizacyjne zar\u00f3wno w kraju, jak i za granic\u0105.\u00a0\u00a0<\/li>\n\n\n\n<li>Fundacja mo\u017ce dobrowolnie przyst\u0119powa\u0107 do organizacji krajowych i mi\u0119dzynarodowych, zachowuj\u0105c przy tym swoj\u0105 samorz\u0105dno\u015b\u0107.\u00a0\u00a0<\/li>\n\n\n\n<li>Fundacja mo\u017ce nawi\u0105zywa\u0107 partnerstwa z innymi podmiotami oraz by\u0107 cz\u0142onkiem koalicji i federacji.\u00a0\u00a0<\/li>\n\n\n\n<li>Fundacja mo\u017ce \u0142\u0105czy\u0107 si\u0119 z innymi podmiotami.\u00a0\u00a0<\/li>\n\n\n\n<li>Decyzje dotycz\u0105ce tworzenia, uczestnictwa lub do\u0142\u0105czania do jednostek organizacyjnych wymienionych w ust. 1\u20134 podejmowane s\u0105 przez Rad\u0119 Fundacji na wniosek Zarz\u0105du.<\/li>\n<\/ol>\n\n\n\n<p class=\"has-text-align-center\"><strong>\u00a79. Cele Fundacji<\/strong><\/p>\n\n\n\n<ol class=\"wp-block-list\">\n<li>Promowanie kultury polskiej i ukrai\u0144skiej w Rzeczypospolitej Polskiej i za granic\u0105 poprzez r\u00f3\u017cne formy, takie jak media, materia\u0142y informacyjne, akcje publiczne itp.\u00a0\u00a0<\/li>\n\n\n\n<li>Przeciwdzia\u0142anie dyskryminacji obywateli Ukrainy w Rzeczypospolitej Polskiej.\u00a0\u00a0<\/li>\n\n\n\n<li>Integracja spo\u0142eczna.\u00a0\u00a0<\/li>\n\n\n\n<li>Promowanie edukacji obywatelskiej oraz wspieranie samodzielno\u015bci obywateli pa\u0144stw trzecich w Unii Europejskiej.\u00a0\u00a0<\/li>\n\n\n\n<li>Rozw\u00f3j wzajemnych kontakt\u00f3w mi\u0119dzy \u015brodowiskami dzia\u0142aj\u0105cymi na rzecz imigrant\u00f3w w Rzeczypospolitej Polskiej.\u00a0\u00a0<\/li>\n\n\n\n<li>Promowanie i upowszechnianie warto\u015bci demokratycznych, obywatelskich oraz integracji europejskiej.\u00a0\u00a0<\/li>\n\n\n\n<li>Dzia\u0142anie na rzecz ochrony praw cz\u0142owieka oraz swob\u00f3d obywatelskich.\u00a0\u00a0<\/li>\n\n\n\n<li>Wspieranie, wzmacnianie i promowanie spo\u0142ecze\u0144stwa obywatelskiego poprzez krzewienie wzajemnej wiedzy, informacji oraz budowanie poczucia wsp\u00f3lnoty kulturowej i wsp\u00f3lnoty interes\u00f3w.\u00a0\u00a0<\/li>\n\n\n\n<li>Dzia\u0142alno\u015b\u0107 na rzecz mniejszo\u015bci narodowych i etnicznych, w tym promowanie ich kultury oraz j\u0119zyka regionalnego poprzez dzia\u0142ania edukacyjne, artystyczne i spo\u0142eczne.\u00a0\u00a0<\/li>\n\n\n\n<li>Pomoc ofiarom katastrof, kl\u0119sk \u017cywio\u0142owych, konflikt\u00f3w zbrojnych i wojen w kraju i za granic\u0105.\u00a0\u00a0<\/li>\n\n\n\n<li>Dzia\u0142anie na rzecz integracji i reintegracji zawodowej oraz spo\u0142ecznej os\u00f3b zagro\u017conych wykluczeniem spo\u0142ecznym.\u00a0\u00a0<\/li>\n\n\n\n<li>Dzia\u0142anie na rzecz r\u00f3wnouprawnienia p\u0142ci.\u00a0\u00a0<\/li>\n\n\n\n<li>Dzia\u0142alno\u015b\u0107 na rzecz integracji cudzoziemc\u00f3w.\u00a0<\/li>\n<\/ol>\n\n\n\n<p class=\"has-text-align-center\"><strong>\u00a7 10. Sposoby realizacji cel\u00f3w statutowych<\/strong><\/p>\n\n\n\n<ol class=\"wp-block-list\">\n<li>Tworzenie i realizacja projekt\u00f3w grantowych zwi\u0105zanych z celami Fundacji.\u00a0\u00a0<\/li>\n\n\n\n<li>Organizacja wydarze\u0144 kulturalnych i o\u015bwiatowych, w tym integracyjnych, z udzia\u0142em \u015brodowisk zainteresowanych wsp\u00f3\u0142prac\u0105 na rzecz zbli\u017cenia narod\u00f3w i spo\u0142ecze\u0144stw.\u00a0\u00a0<\/li>\n\n\n\n<li>Prowadzenie dzia\u0142alno\u015bci artystycznej.\u00a0\u00a0<\/li>\n\n\n\n<li>Realizowanie dzia\u0142a\u0144 informacyjnych za po\u015brednictwem medi\u00f3w, publikacji, spotka\u0144 informacyjnych, debat, program\u00f3w radiowych i telewizyjnych, wywiad\u00f3w w prasie, konferencji, seminari\u00f3w oraz medi\u00f3w spo\u0142eczno\u015bciowych i innych medi\u00f3w elektronicznych.\u00a0\u00a0<\/li>\n\n\n\n<li>Prowadzenie plac\u00f3wek kulturalnych, edukacyjnych i o\u015bwiatowych.\u00a0\u00a0<\/li>\n\n\n\n<li>Prowadzenie dzia\u0142alno\u015bci wydawniczej, w szczeg\u00f3lno\u015bci wydawanie, t\u0142umaczenie i rozpowszechnianie literatury dotycz\u0105cej polityki spo\u0142ecznej, rozwoju regionalnego, nauk spo\u0142ecznych oraz przekazywania wiedzy i do\u015bwiadcze\u0144 w zakresie problematyki spo\u0142ecznej, takich jak opracowania metodologiczne, akty prawne, publikacje badawcze i analizy eksperckie zwi\u0105zane z dzia\u0142alno\u015bci\u0105 Fundacji.\u00a0\u00a0<\/li>\n\n\n\n<li>Realizowanie dzia\u0142alno\u015bci badawczej, naukowo-badawczej, edukacyjnej i o\u015bwiatowej, w tym opracowywanie program\u00f3w i strategii rozwoju na podstawie analiz i ekspertyz.\u00a0\u00a0<\/li>\n\n\n\n<li>Wspieranie wymiany mi\u0119dzynarodowej poprzez organizacj\u0119 wizyt studyjnych, program\u00f3w edukacyjnych i kulturalnych, a tak\u017ce sta\u017cy i praktyk zawodowych.\u00a0\u00a0<\/li>\n\n\n\n<li>Wsparcie i pomoc w nawi\u0105zywaniu kontakt\u00f3w mi\u0119dzy organizacjami spo\u0142ecznymi, instytucjami publicznymi, jednostkami samorz\u0105dowymi, przedsi\u0119biorstwami, firmami prywatnymi oraz plac\u00f3wkami badawczymi i edukacyjnymi.\u00a0\u00a0<\/li>\n\n\n\n<li>Organizowanie warsztat\u00f3w, konferencji i seminari\u00f3w.\u00a0\u00a0<\/li>\n\n\n\n<li>Realizacja cel\u00f3w Fundacji poprzez kampanie spo\u0142eczne.\u00a0\u00a0<\/li>\n\n\n\n<li>Tworzenie lokalnych partnerstw pomi\u0119dzy sektorem publicznym, biznesem i organizacjami pozarz\u0105dowymi.\u00a0\u00a0<\/li>\n\n\n\n<li>Prowadzenie kurs\u00f3w, organizowanie odczyt\u00f3w i innych form popularyzacji wiedzy.\u00a0\u00a0<\/li>\n\n\n\n<li>Podejmowanie dzia\u0142a\u0144 w zakresie turystyki i krajoznawstwa.\u00a0\u00a0<\/li>\n\n\n\n<li>Prowadzenie akcji charytatywnych i pomocowych, szczeg\u00f3lnie w sytuacjach kl\u0119sk \u017cywio\u0142owych i ub\u00f3stwa.\u00a0\u00a0<\/li>\n\n\n\n<li>Organizowanie zbi\u00f3rek publicznych.\u00a0\u00a0<\/li>\n\n\n\n<li>Prowadzenie dzia\u0142a\u0144 fundraisingowych na rzecz realizacji cel\u00f3w statutowych Fundacji.\u00a0\u00a0<\/li>\n\n\n\n<li>Wsp\u00f3\u0142praca z partnerami lokalnymi i zagranicznymi.<\/li>\n<\/ol>\n\n\n\n<p class=\"has-text-align-center\"><strong>\u00a7 11. Zasady prowadzenia dzia\u0142alno\u015bci odp\u0142atnej przez Fundacj\u0119<\/strong><\/p>\n\n\n\n<p><strong><br><\/strong>Powy\u017csze dzia\u0142ania zmierzaj\u0105ce do realizacji cel\u00f3w statutowych prowadzone s\u0105 odp\u0142atnie i nieodp\u0142atnie.<\/p>\n\n\n\n<ol class=\"wp-block-list\">\n<li>Fundacja mo\u017ce prowadzi\u0107 dzia\u0142alno\u015b\u0107 odp\u0142atn\u0105 w zakresie zgodnym z celami statutowymi, o ile dzia\u0142alno\u015b\u0107 ta s\u0142u\u017cy realizacji tych cel\u00f3w i nie narusza zasad okre\u015blonych w przepisach prawa.\u00a0\u00a0<\/li>\n\n\n\n<li>Dzia\u0142alno\u015b\u0107 odp\u0142atna Fundacji nie mo\u017ce by\u0107 prowadzona w celu osi\u0105gni\u0119cia zysku, a uzyskane przychody musz\u0105 by\u0107 w ca\u0142o\u015bci przeznaczone na realizacj\u0119 cel\u00f3w statutowych Fundacji.\u00a0\u00a0<\/li>\n\n\n\n<li>Fundacja mo\u017ce prowadzi\u0107 odp\u0142atn\u0105 dzia\u0142alno\u015b\u0107 w szczeg\u00f3lno\u015bci w nast\u0119puj\u0105cych obszarach:\u00a0\u00a0<\/li>\n\n\n\n<li>organizacja wydarze\u0144 kulturalnych, edukacyjnych i integracyjnych;<\/li>\n\n\n\n<li>dzia\u0142alno\u015b\u0107 wydawnicza, w tym sprzeda\u017c publikacji, t\u0142umacze\u0144 i materia\u0142\u00f3w edukacyjnych;<\/li>\n\n\n\n<li>organizowanie warsztat\u00f3w, szkole\u0144, kurs\u00f3w, konferencji i seminari\u00f3w;<\/li>\n\n\n\n<li>dofinasowanie projekt\u00f3w edukacyjnych i badawczych;<\/li>\n\n\n\n<li>dzia\u0142ania w zakresie turystyki i krajoznawstwa (wyjazdy, wycieczki, warsztaty w terenie).\u00a0\u00a0<\/li>\n\n\n\n<li>Dzia\u0142alno\u015b\u0107 odp\u0142atna Fundacji musi by\u0107 prowadzona w spos\u00f3b transparentny i zgodny z zasadami rachunkowo\u015bci, a wszelkie przychody oraz koszty zwi\u0105zane z t\u0105 dzia\u0142alno\u015bci\u0105 powinny by\u0107 wyodr\u0119bnione w dokumentacji finansowej Fundacji.\u00a0\u00a0<\/li>\n\n\n\n<li>Fundacja nie mo\u017ce udziela\u0107 \u015bwiadcze\u0144 na preferencyjnych warunkach cz\u0142onkom swoich organ\u00f3w, pracownikom ani ich bliskim, z wyj\u0105tkiem sytuacji, gdy \u015bwiadczenia te wynikaj\u0105 z realizacji cel\u00f3w statutowych Fundacji.\u00a0\u00a0<\/li>\n\n\n\n<li>Decyzj\u0119 o rozpocz\u0119ciu, zakresie i formach prowadzenia dzia\u0142alno\u015bci odp\u0142atnej podejmuje Zarz\u0105d Fundacji, uwzgl\u0119dniaj\u0105c rekomendacje Rady Fundacji (je\u015bli taka istnieje).\u00a0\u00a0<\/li>\n\n\n\n<li>Fundacja mo\u017ce prowadzi\u0107 dzia\u0142alno\u015b\u0107 odp\u0142atn\u0105 na zasadach okre\u015blonych w ustawie o dzia\u0142alno\u015bci po\u017cytku publicznego i o wolontariacie, z zachowaniem przepis\u00f3w dotycz\u0105cych organizacji pozarz\u0105dowych.<\/li>\n<\/ol>\n\n\n\n<p class=\"has-text-align-center\"><strong>\u00a7 12<\/strong><\/p>\n\n\n\n<p><strong><br><\/strong>Fundacja, w celu realizacji swoich cel\u00f3w statutowych, mo\u017ce wspiera\u0107 dzia\u0142alno\u015b\u0107 os\u00f3b fizycznych, prawnych oraz innych jednostek organizacyjnych, kt\u00f3rych cele s\u0105 zgodne z celami Fundacji. Wsparcie to mo\u017ce obejmowa\u0107 udzielanie pomocy finansowej, rzeczowej lub organizacyjnej, w tym przekazywanie darowizn. Decyzje o udzieleniu takiej pomocy podejmuje Rada Fundacji na wniosek Zarz\u0105du, zgodnie z postanowieniami statutu oraz protoko\u0142ami Fundacji.<\/p>\n\n\n\n<p class=\"has-text-align-center\"><strong>\u00a7 13<\/strong><\/p>\n\n\n\n<p><strong><br><\/strong>W celu realizacji zada\u0144 statutowych oraz wymog\u00f3w ustawy reguluj\u0105cej dzia\u0142alno\u015b\u0107 organizacji po\u017cytku publicznego Fundacja mo\u017ce zatrudnia\u0107 pracownik\u00f3w.<\/p>\n\n\n\n<p class=\"has-text-align-center\"><strong>\u00a7 14<\/strong><\/p>\n\n\n\n<p><strong><br><\/strong>Maj\u0105tek Fundacji stanowi jej fundusz za\u0142o\u017cycielski w kwocie 500 (pi\u0119\u0107set) z\u0142otych oraz inne mienie nabyte przez Fundacj\u0119 w toku jej dzia\u0142ania.<\/p>\n\n\n\n<p class=\"has-text-align-center\"><strong>\u00a715<\/strong><\/p>\n\n\n\n<p>Dochody fundacji pochodz\u0105 z:<\/p>\n\n\n\n<ul class=\"wp-block-list\">\n<li>darowizn, spadk\u00f3w i zapis\u00f3w.<\/li>\n\n\n\n<li>dotacji lub subwencji.<\/li>\n\n\n\n<li>dochod\u00f3w ze zbi\u00f3rek i imprez publicznych.<\/li>\n\n\n\n<li>dochod\u00f3w z maj\u0105tku nieruchomego i ruchomego.<\/li>\n\n\n\n<li>dochod\u00f3w z autorskich praw maj\u0105tkowych.<\/li>\n<\/ul>\n\n\n\n<p class=\"has-text-align-center\"><strong>\u00a7 16<\/strong><\/p>\n\n\n\n<p>Darczy\u0144ca, przekazuj\u0105c Fundacji \u015brodki maj\u0105tkowe, mo\u017ce zastrzec, \u017ce \u015brodki te maj\u0105 by\u0107 przeznaczone na okre\u015blony rodzaj dzia\u0142alno\u015bci Fundacji. Zarz\u0105d Fundacji mo\u017ce nie przyj\u0105\u0107 tego warunku. W takim wypadku Fundacja zwraca darczy\u0144cy przekazane przez niego \u015brodki. Je\u017celi przekazaniu \u015brodk\u00f3w nie towarzyszy okre\u015blenie celu ich wykorzystania, Fundacja mo\u017ce przeznaczy\u0107 je na dowolny cel statutowy.<\/p>\n\n\n\n<p class=\"has-text-align-center\"><strong>\u00a7 17<\/strong><\/p>\n\n\n\n<ol class=\"wp-block-list\">\n<li>Zabrania si\u0119 udzielania po\u017cyczek lub zabezpieczania zobowi\u0105za\u0144 maj\u0105tkiem Fundacji wobec jej Fundator\u00f3w, cz\u0142onk\u00f3w organ\u00f3w, pracownik\u00f3w oraz os\u00f3b, z kt\u00f3rymi pracownicy pozostaj\u0105 w zwi\u0105zku ma\u0142\u017ce\u0144skim, w stosunku pokrewie\u0144stwa lub powinowactwa w linii prostej, pokrewie\u0144stwa lub powinowactwa w linii bocznej do drugiego stopnia, a tak\u017ce os\u00f3b zwi\u0105zanych z tytu\u0142u przysposobienia, opieki lub kurateli, zwanych dalej \u201eosobami bliskimi\u201d.\u00a0<\/li>\n\n\n\n<li>Zabrania si\u0119 przekazywania maj\u0105tku Fundacji na rzecz Fundator\u00f3w, cz\u0142onk\u00f3w organ\u00f3w, pracownik\u00f3w oraz ich \u201eos\u00f3b bliskich\u201d na warunkach innych ni\u017c te, kt\u00f3re obowi\u0105zuj\u0105 wobec os\u00f3b trzecich, w szczeg\u00f3lno\u015bci, je\u017celi przekazanie to nast\u0119puje bezp\u0142atnie lub na preferencyjnych warunkach.\u00a0\u00a0<\/li>\n\n\n\n<li>Zabrania si\u0119 wykorzystywania maj\u0105tku Fundacji na rzecz Fundator\u00f3w, cz\u0142onk\u00f3w organ\u00f3w, pracownik\u00f3w oraz ich \u201eos\u00f3b bliskich\u201d na warunkach innych ni\u017c te, kt\u00f3re obowi\u0105zuj\u0105 wobec os\u00f3b trzecich, chyba \u017ce wykorzystanie to jest bezpo\u015brednio zwi\u0105zane z realizacj\u0105 statutowych cel\u00f3w Fundacji.<\/li>\n<\/ol>\n\n\n\n<p class=\"has-text-align-center\"><strong>\u00a7 18. W\u0142adze Fundacji<\/strong><\/p>\n\n\n\n<ol class=\"wp-block-list\">\n<li>W\u0142adzami Fundacji s\u0105:<br>a) Rada Fundacji,<br>b) Zarz\u0105d Fundacji,<\/li>\n\n\n\n<li>Pierwszy sk\u0142ad Rady Fundacji powo\u0142uj\u0105 Fundatorzy w formie uchwa\u0142y.\u00a0<\/li>\n\n\n\n<li>Cz\u0142onkowie Rady Fundacji nie mog\u0105 \u0142\u0105czy\u0107 pracy w Radzie Fundacji z prac\u0105 w Zarz\u0105dzie Fundacji. Mog\u0105 oni otrzymywa\u0107 wynagrodzenie za wykonywan\u0105 prac\u0119 oraz zwrot udokumentowanych wydatk\u00f3w zwi\u0105zanych z uczestnictwem w pracach organ\u00f3w Fundacji, w tym koszt\u00f3w podr\u00f3\u017cy.<\/li>\n\n\n\n<li>Rada Fundacji zbiera si\u0119 co najmniej raz w roku na powo\u0142anie Przewodnicz\u0105cego Rady lub na wniosek Zarz\u0105du. W sytuacjach nadzwyczajnych Rada jest zobowi\u0105zana do zebrania si\u0119 w ci\u0105gu 3 dni roboczych.\u00a0\u00a0<\/li>\n\n\n\n<li>Cz\u0142onk\u00f3w Zarz\u0105du powo\u0142uje Rada Fundacji.\u00a0\u00a0<\/li>\n\n\n\n<li>Zarz\u0105d Fundacji zbiera si\u0119 co najmniej raz na kwarta\u0142. W sytuacjach nadzwyczajnych Rada ma prawo, wi\u0119kszo\u015bci\u0105 g\u0142os\u00f3w, zwo\u0142a\u0107 zebranie Zarz\u0105du w ci\u0105gu 3 dni roboczych.<\/li>\n\n\n\n<li>Uchwa\u0142y organ\u00f3w Fundacji zapadaj\u0105 zwyk\u0142\u0105 wi\u0119kszo\u015bci\u0105 g\u0142os\u00f3w w obecno\u015bci co najmniej po\u0142owy cz\u0142onk\u00f3w, chyba \u017ce niniejszy Statut przewiduje inny spos\u00f3b podejmowania uchwa\u0142. W przypadku r\u00f3wnej liczby g\u0142os\u00f3w, w uchwa\u0142ach Rady Fundacji decyduje g\u0142os Przewodnicz\u0105cego Rady Fundacji, a w uchwa\u0142ach Zarz\u0105du Fundacji decyduje g\u0142os Prezesa Zarz\u0105du (je\u015bli taki funkcjonuje) albo (w razie jego braku) &#8211; g\u0142os Przewodnicz\u0105cego Rady.<\/li>\n<\/ol>\n\n\n\n<p class=\"has-text-align-center\"><strong>\u00a719<\/strong><\/p>\n\n\n\n<ol class=\"wp-block-list\">\n<li>Rada Fundacji (zwana dalej \u201eRad\u0105\u201d) jest kolegialnym organem nadzoru, odr\u0119bnym od Zarz\u0105du Fundacji. Rada Fundacji liczy od dw\u00f3ch do pi\u0119ciu cz\u0142onk\u00f3w, powo\u0142ywanych na czteroletnie kadencje, w spos\u00f3b nast\u0119puj\u0105cy:<br>a) pierwszy sk\u0142ad Rady Fundacji, w tym Przewodnicz\u0105cego Rady Fundacji, powo\u0142uj\u0105 Fundatorzy, w pe\u0142nym sk\u0142adzie, w formie uchwa\u0142y;<br>b) cz\u0142onk\u00f3w na nast\u0119pne kadencje powo\u0142uje Rada Fundacji; Rada Fundacji wybiera r\u00f3wnie\u017c, spo\u015br\u00f3d swoich cz\u0142onk\u00f3w, kolejnych Przewodnicz\u0105cych.<\/li>\n\n\n\n<li>W sk\u0142ad Rady mog\u0105 wchodzi\u0107 Fundatorzy.<\/li>\n\n\n\n<li>Ustanie cz\u0142onkostwa w Radzie Fundacji mo\u017ce nast\u0105pi\u0107 na skutek zrzeczenia si\u0119 funkcji lub w wyniku uchwa\u0142y Rady Fundacji.<\/li>\n\n\n\n<li>W przypadku opr\u00f3\u017cnienia stanowiska Przewodnicz\u0105cego Rady, decyzje w Radzie zapadaj\u0105 zwyk\u0142\u0105 wi\u0119kszo\u015bci\u0105 g\u0142os\u00f3w.<\/li>\n\n\n\n<li>W sytuacji nadzwyczajnej, gdy w Radzie pozostaje tylko jeden cz\u0142onek, Fundatorzy Fundacji w swojej wi\u0119kszo\u015bci zwo\u0142uj\u0105 zebranie w trybie natychmiastowym i powo\u0142uj\u0105 nowy sk\u0142ad Rady lub podejmuj\u0105 decyzje dotycz\u0105ce dalszych dzia\u0142a\u0144 zgodnie z postanowieniami Statutu, zwyk\u0142\u0105 wi\u0119kszo\u015bci\u0105 g\u0142os\u00f3w.<\/li>\n\n\n\n<li>Cz\u0142onkowie Rady Fundacji nie maj\u0105 prawa podejmowa\u0107 decyzji prawnych w imieniu Fundacji, w tym podpisywa\u0107 dokument\u00f3w, zawiera\u0107 um\u00f3w ani wchodzi\u0107 w sk\u0142ad organ\u00f3w reprezentuj\u0105cych Fundacj\u0119, ani dzia\u0142a\u0107 w jej imieniu w sprawach prawnych, je\u017celi nie posiadaj\u0105 uprzedniego pe\u0142nomocnictwa udzielonego przez Zarz\u0105d Fundacji. Pe\u0142nomocnictwo to musi by\u0107 udzielone na pi\u015bmie i okre\u015bla\u0107 zakres uprawnie\u0144 cz\u0142onka Rady do dzia\u0142ania w imieniu Fundacji w zakresie prawa cywilnego, administracyjnego lub innego, w kt\u00f3rym Fundacja jest stron\u0105.<\/li>\n<\/ol>\n\n\n\n<p class=\"has-text-align-center\"><strong>\u00a720. Kompetencje Rady Fundacji<\/strong><\/p>\n\n\n\n<p>Do kompetencji Rady Fundacji nale\u017cy (opr\u00f3cz zagadnie\u0144 okre\u015blonych w innych paragrafach niniejszego Statutu):<\/p>\n\n\n\n<ol class=\"wp-block-list\">\n<li>Wyb\u00f3r i odwo\u0142ywanie cz\u0142onk\u00f3w Zarz\u0105du oraz dokonywanie zmian w sk\u0142adzie Rady Fundacji.<\/li>\n\n\n\n<li>Bie\u017c\u0105ce kontrolowanie dzia\u0142a\u0144 podejmowanych przez Zarz\u0105d, w tym nadz\u00f3r nad organizacyjnym i finansowym funkcjonowaniem Fundacji oraz realizacj\u0105 jej statutowych cel\u00f3w.<\/li>\n\n\n\n<li>Wydawanie opinii i zalece\u0144 w przypadku stwierdzenia nieprawid\u0142owo\u015bci w dzia\u0142alno\u015bci Fundacji.\u00a0\u00a0<\/li>\n\n\n\n<li>Sk\u0142adanie raz w roku raportu o dzia\u0142alno\u015bci Fundacji organom nadzorczym.\u00a0\u00a0<\/li>\n\n\n\n<li>Wnoszenie w\u0142asnych projekt\u00f3w uchwa\u0142 pod g\u0142osowanie Zarz\u0105du Fundacji.\u00a0<\/li>\n\n\n\n<li>Konsultowanie projektu bud\u017cetu opracowanego przez Zarz\u0105d Fundacji.\u00a0<\/li>\n\n\n\n<li>Przeprowadzanie kontroli gospodarki finansowej Fundacji, w szczeg\u00f3lno\u015bci kontrola ksi\u0105g rachunkowych oraz realizacji dochod\u00f3w i wydatk\u00f3w Fundacji.\u00a0<\/li>\n\n\n\n<li>Zatwierdzanie bilans\u00f3w oraz sprawozda\u0144 z dzia\u0142alno\u015bci Fundacji.<\/li>\n<\/ol>\n\n\n\n<p class=\"has-text-align-center\"><strong>\u00a721<\/strong><\/p>\n\n\n\n<p><br>Cz\u0142onkowie Rady Fundacji maj\u0105 prawo bra\u0107 udzia\u0142 z g\u0142osem doradczym w posiedzeniach Zarz\u0105du.<\/p>\n\n\n\n<p class=\"has-text-align-center\"><strong>\u00a722<\/strong><\/p>\n\n\n\n<p><br>Zarz\u0105d jest organem wykonawczym Fundacji. Zarz\u0105d liczy od jednego do trzech os\u00f3b.<\/p>\n\n\n\n<p class=\"has-text-align-center\"><strong>\u00a723<\/strong><\/p>\n\n\n\n<ol class=\"wp-block-list\">\n<li>Zarz\u0105d Fundacji mo\u017ce by\u0107 jednoosobowy lub kilkuosobowy:<br>a) w przypadku Zarz\u0105du jednoosobowego, jego rol\u0119 pe\u0142ni Prezes Zarz\u0105du;<br>b) w przypadku Zarz\u0105du kilkuosobowego, Rada Fundacji, w trybie okre\u015blonym niniejszym statutem, ustala struktur\u0119 i role w Zarz\u0105dzie (np. Prezes, Wiceprezes, Cz\u0142onkowie Zarz\u0105du). Rada Fundacji mo\u017ce r\u00f3wnie\u017c postanowi\u0107, \u017ce Zarz\u0105d b\u0119dzie funkcjonowa\u0142 bez wyodr\u0119bnienia funkcji Prezesa lub Wiceprezesa, sk\u0142adaj\u0105c si\u0119 wy\u0142\u0105cznie z Cz\u0142onk\u00f3w Zarz\u0105du.<\/li>\n\n\n\n<li>W przypadku, gdy Zarz\u0105d obejmuje funkcj\u0119 Prezesa, Prezes kieruje pracami Zarz\u0105du oraz reprezentuje Fundacj\u0119 na zewn\u0105trz. W przypadku, gdy Zarz\u0105d nie obejmuje funkcji Prezesa, wszyscy cz\u0142onkowie Zarz\u0105du posiadaj\u0105 r\u00f3wne uprawnienia w zakresie kierowania pracami Zarz\u0105du i reprezentowania Fundacji na zewn\u0105trz.<\/li>\n\n\n\n<li>Kadencja Zarz\u0105du trwa 4 lata.<\/li>\n\n\n\n<li>Ta sama osoba mo\u017ce by\u0107 cz\u0142onkiem Zarz\u0105du przez nieograniczon\u0105 liczb\u0119 kadencji.<\/li>\n\n\n\n<li>Wyboru cz\u0142onk\u00f3w Zarz\u0105du dokonuje Rada Fundacji. Pierwszy sk\u0142ad cz\u0142onk\u00f3w Zarz\u0105du oraz jego struktur\u0119 powo\u0142uj\u0105 Fundatorzy w drodze jednomy\u015blnej uchwa\u0142y przy pe\u0142nym sk\u0142adzie.<\/li>\n\n\n\n<li>Wyboru cz\u0142onk\u00f3w Zarz\u0105du Rada Fundacji powinna dokona\u0107 najp\u00f3\u017aniej na miesi\u0105c przed up\u0142ywem kadencji Zarz\u0105du.<\/li>\n\n\n\n<li>W trakcie trwania kadencji istnieje mo\u017cliwo\u015b\u0107 zmiany cz\u0142onk\u00f3w Zarz\u0105du Fundacji.<\/li>\n\n\n\n<li>Wniosek o odwo\u0142anie cz\u0142onka Zarz\u0105du mo\u017ce zg\u0142osi\u0107 cz\u0142onek Zarz\u0105du lub Rada Fundacji.<\/li>\n\n\n\n<li>Odwo\u0142anie cz\u0142onka Zarz\u0105du mo\u017ce nast\u0105pi\u0107 wy\u0142\u0105cznie na skutek decyzji Rady Fundacji.<\/li>\n\n\n\n<li>Decyzja o odwo\u0142aniu cz\u0142onka Zarz\u0105du podejmowana jest przez Rad\u0119 Fundacji w trybie g\u0142osowania okre\u015blonym niniejszym Statutem.<\/li>\n\n\n\n<li>W przypadku \u015bmierci, choroby lub trwa\u0142ej niezdolno\u015bci do wykonywania obowi\u0105zk\u00f3w, procedura odwo\u0142ania cz\u0142onka Zarz\u0105du lub cz\u0142onka Rady Fundacji przeprowadzana jest zgodnie z postanowieniami Statutu przez Rad\u0119 Fundacji.<\/li>\n\n\n\n<li>Pierwsze posiedzenie Zarz\u0105du ka\u017cdej nowej kadencji zwo\u0142uje Rada Fundacji najp\u00f3\u017aniej do ko\u0144ca drugiego tygodnia od dnia wybor\u00f3w.<\/li>\n\n\n\n<li>W sk\u0142ad Zarz\u0105du mog\u0105 wchodzi\u0107 pracownicy Fundacji, jak r\u00f3wnie\u017c Fundatorzy.<\/li>\n<\/ol>\n\n\n\n<p class=\"has-text-align-center\"><strong>\u00a724. Kompetencje Zarz\u0105du<\/strong><\/p>\n\n\n\n<ol class=\"wp-block-list\">\n<li>Reprezentowanie Fundacji na zewn\u0105trz oraz dzia\u0142anie w jej imieniu.\u00a0\u00a0<\/li>\n\n\n\n<li>Projektowanie i zatwierdzanie bud\u017cetu Fundacji.\u00a0\u00a0<\/li>\n\n\n\n<li>Kierowanie bie\u017c\u0105c\u0105 dzia\u0142alno\u015bci\u0105 Fundacji oraz zarz\u0105dzanie jej maj\u0105tkiem.\u00a0\u00a0<\/li>\n\n\n\n<li>Koordynowanie realizacji zada\u0144 w zakresie dzia\u0142alno\u015bci po\u017cytku publicznego.\u00a0\u00a0<\/li>\n\n\n\n<li>Ubieganie si\u0119 o \u015brodki finansowe oraz przyjmowanie spadk\u00f3w, subwencji, zapis\u00f3w i darowizn na rzecz Fundacji.\u00a0\u00a0<\/li>\n\n\n\n<li>Przedk\u0142adanie Radzie Fundacji Rocznego Sprawozdania z dzia\u0142alno\u015bci Fundacji.\u00a0\u00a0<\/li>\n\n\n\n<li>Przyznawanie nagr\u00f3d i wyr\u00f3\u017cnie\u0144 w ramach dzia\u0142alno\u015bci Fundacji.\u00a0\u00a0<\/li>\n\n\n\n<li>Podejmowanie decyzji o przyst\u0119powaniu do zwi\u0105zk\u00f3w, zrzesze\u0144 i innych organizacji oraz o ich tworzeniu, a tak\u017ce sk\u0142adanie wniosk\u00f3w do Rady Fundacji w tej sprawie.\u00a0\u00a0<\/li>\n\n\n\n<li>Nawi\u0105zywanie i rozwi\u0105zywanie stosunk\u00f3w pracy z pracownikami Fundacji, ustalanie wysoko\u015bci wynagrodze\u0144 oraz uchwalanie regulaminu pracy.\u00a0\u00a0<\/li>\n\n\n\n<li>Podejmowanie decyzji o upowa\u017cnieniu pe\u0142nomocnik\u00f3w do samodzielnego reprezentowania Fundacji w okre\u015blonym zakresie spraw. Pe\u0142nomocnictwa udzielane s\u0105 zgodnie z zasadami reprezentacji Fundacji. Decyzja w tej sprawie jest podejmowana przez Zarz\u0105d Fundacji w trybie okre\u015blonym w niniejszym Statucie.\u00a0\u00a0<\/li>\n\n\n\n<li>Uchwalanie regulaminu oraz okre\u015blanie struktury organizacyjnej Zarz\u0105du Fundacji, w tym szczeg\u00f3\u0142owych zasad jego dzia\u0142ania. Wniosek o regulamin i struktur\u0119 Zarz\u0105du powinien by\u0107 zatwierdzony przez Rad\u0119 Fundacji.\u00a0\u00a0<\/li>\n\n\n\n<li>Uchwalanie program\u00f3w i plan\u00f3w dzia\u0142ania Fundacji, w tym plan\u00f3w finansowych.\u00a0\u00a0<\/li>\n\n\n\n<li>Uchwalanie regulamin\u00f3w, w tym regulaminu pracy Zarz\u0105du.\u00a0\u00a0<\/li>\n\n\n\n<li>Stwierdzenie stanu uzasadniaj\u0105cego wszcz\u0119cie likwidacji Fundacji.<\/li>\n<\/ol>\n\n\n\n<p class=\"has-text-align-center\"><strong>\u00a725<\/strong><\/p>\n\n\n\n<ol class=\"wp-block-list\">\n<li>Decyzje Zarz\u0105du podejmowane s\u0105 w formie uchwa\u0142y.<\/li>\n\n\n\n<li>Uchwa\u0142y Zarz\u0105du zapadaj\u0105 zwyk\u0142\u0105 wi\u0119kszo\u015bci\u0105 g\u0142os\u00f3w zgodnie ze Statutem.<\/li>\n<\/ol>\n\n\n\n<p class=\"has-text-align-center\"><strong>\u00a726<\/strong><\/p>\n\n\n\n<p>O\u015bwiadczenia woli Fundacji sk\u0142ada ka\u017cdy Cz\u0142onek Zarz\u0105du samodzielnie, pod warunkiem zawiadomienia drog\u0105 mailow\u0105 pozosta\u0142ych Cz\u0142onk\u00f3w Zarz\u0105du.<\/p>\n\n\n\n<p class=\"has-text-align-center\"><strong>\u00a7 27<\/strong><\/p>\n\n\n\n<p><strong><br><\/strong>Zmiany w statucie Fundacji dokonuje Rada Fundacji w trybie g\u0142osowania opisanym w niniejszym Statucie, za zgod\u0105 Zarz\u0105du Fundacji. Zmiany statutu mog\u0105 dotyczy\u0107 cel\u00f3w, dla realizacji kt\u00f3rych Fundacja zosta\u0142a ustanowiona, oraz postanowie\u0144 okre\u015blonych w akcie za\u0142o\u017cycielskim.<\/p>\n\n\n\n<p class=\"has-text-align-center\"><strong>\u00a7 28<\/strong><\/p>\n\n\n\n<ol class=\"wp-block-list\">\n<li>Fundacja mo\u017ce si\u0119 po\u0142\u0105czy\u0107 z inn\u0105 Fundacj\u0105 dla efektywnego realizowania swoich cel\u00f3w.\u00a0<\/li>\n\n\n\n<li>Po\u0142\u0105czenie z inn\u0105 Fundacj\u0105 nie mo\u017ce nast\u0105pi\u0107, je\u017celi w jego wyniku m\u00f3g\u0142by ulec istotnej zmianie cel Fundacji.\u00a0<\/li>\n\n\n\n<li>O \u0142\u0105czeniu z inn\u0105 fundacj\u0105 decyduje Zarz\u0105d Fundacji drog\u0105 uchwa\u0142y podj\u0119tej jednomy\u015blnie przez wszystkich cz\u0142onk\u00f3w Zarz\u0105du i wymaga zatwierdzenia przez Rad\u0119.<\/li>\n<\/ol>\n\n\n\n<p class=\"has-text-align-center\"><strong>\u00a7 29<\/strong><\/p>\n\n\n\n<p><strong><br><\/strong>W sprawach po\u0142\u0105czenia z inn\u0105 Fundacj\u0105 w\u0142a\u015bciwy jest Zarz\u0105d, przy czym jego decyzje zapadaj\u0105 w drodze jednomy\u015blnej uchwa\u0142y i dla swej skuteczno\u015bci wymagaj\u0105 zatwierdzenia przez Rad\u0119 Fundacji.<\/p>\n\n\n\n<p class=\"has-text-align-center\"><strong>\u00a7 30. Zasady likwidacji Fundacji<\/strong><\/p>\n\n\n\n<ol class=\"wp-block-list\">\n<li>Fundacja mo\u017ce zosta\u0107 rozwi\u0105zana i przej\u015b\u0107 w stan likwidacji na podstawie uchwa\u0142y Rady Fundacji, podj\u0119tej w trybie g\u0142osowania zgodnie z ustaleniami Statutu, w przypadku stwierdzenia stanu uzasadniaj\u0105cego likwidacj\u0119 Fundacji, w szczeg\u00f3lno\u015bci gdy Fundacja nie jest w stanie realizowa\u0107 swoich cel\u00f3w statutowych lub wyczerpa\u0142y si\u0119 \u015brodki niezb\u0119dne do jej funkcjonowania.<\/li>\n\n\n\n<li>Decyzja o likwidacji Fundacji podejmowana jest przez Rad\u0119 Fundacji na wniosek Zarz\u0105du Fundacji.<\/li>\n\n\n\n<li>Decyzj\u0119 o likwidacji Fundacji podejmuj\u0105 Fundatorzy w drodze jednomy\u015blnej uchwa\u0142y.<\/li>\n\n\n\n<li>W przypadku likwidacji Fundacji, powo\u0142ywana jest komisja likwidacyjna, kt\u00f3ra przeprowadza proces likwidacji, w tym uregulowanie zobowi\u0105za\u0144 Fundacji oraz podzia\u0142 jej maj\u0105tku zgodnie z przepisami prawa i postanowieniami Statutu.<\/li>\n\n\n\n<li>Zarz\u0105d Fundacji ma prawo z\u0142o\u017cy\u0107 wniosek do Rady Fundacji o odwo\u0142anie likwidator\u00f3w Fundacji.<\/li>\n\n\n\n<li>Maj\u0105tek Fundacji, po uregulowaniu zobowi\u0105za\u0144, zostaje przekazany na rzecz organizacji o celach zbli\u017conych do cel\u00f3w Fundacji, zgodnie z decyzj\u0105 Rady Fundacji.<\/li>\n\n\n\n<li>W przypadku, gdy Fundacja nie ma Zarz\u0105du, uprawnienie do powo\u0142ywania i odwo\u0142ywania likwidator\u00f3w przys\u0142uguje Radzie Fundacji. W przypadku braku Rady Fundacji lub niemo\u017cno\u015bci jej podj\u0119cia decyzji, kompetencje te przechodz\u0105 na s\u0105d w\u0142a\u015bciwy ze wzgl\u0119du na siedzib\u0119 Fundacji, zgodnie z przepisami obowi\u0105zuj\u0105cego prawa.<\/li>\n<\/ol>\n\n\n\n<p class=\"has-text-align-center\"><strong>\u00a7 31<\/strong><\/p>\n\n\n\n<p><strong><br><\/strong>Postanowienia niniejszego Statutu wchodz\u0105 w \u017cycie z dniem rejestracji Fundacji przez organ rejestruj\u0105cy, a w przypadku dokonania jakichkolwiek zmian w Statucie, wchodz\u0105 one w \u017cycie po ich zatwierdzeniu przez odpowiednie organy w\u0142adzy upowa\u017cnione do tego zgodnie z obowi\u0105zuj\u0105cymi przepisami prawa.<\/p>\n<\/div>\n<\/div>\n\n\n\n<p><\/p>\n","protected":false},"excerpt":{"rendered":"<p>\u00a7 1 Fundacja pod nazw\u0105 Fundacja \u201eChimera Kultur\u201d, zwana dalej Fundacj\u0105, ustanowiona przez Vasyla Herasymchuka, Hann\u0119 Yaminsk\u0105, Olh\u0119 Sydorenko, Kristin\u0119 Kozlov\u0105 zwanych dalej fundatorami, aktem notarialnym sporz\u0105dzonym przez zast\u0119pc\u0119 notarialnego Katarzyn\u0119 Kuci\u0144sk\u0105-Tomczyk, zast\u0119puj\u0105c\u0105 notariusz Ew\u0119 Knuplerz, w kancelarii notarialnej Knuplerz&amp;Partnerzy notariusze \u2013 Grzeg\u00f3rzecka sp\u00f3\u0142ka partnerska w Krakowie przy ul. Grzeg\u00f3rzeckiej nr 105\/1, w dniu 22.07.2023 [&hellip;]<\/p>\n","protected":false},"author":1,"featured_media":0,"parent":0,"menu_order":0,"comment_status":"closed","ping_status":"closed","template":"","meta":{"_uag_custom_page_level_css":"","site-sidebar-layout":"default","site-content-layout":"","ast-site-content-layout":"full-width-container","site-content-style":"default","site-sidebar-style":"default","ast-global-header-display":"","ast-banner-title-visibility":"","ast-main-header-display":"","ast-hfb-above-header-display":"","ast-hfb-below-header-display":"","ast-hfb-mobile-header-display":"","site-post-title":"disabled","ast-breadcrumbs-content":"","ast-featured-img":"","footer-sml-layout":"","theme-transparent-header-meta":"","adv-header-id-meta":"","stick-header-meta":"","header-above-stick-meta":"","header-main-stick-meta":"","header-below-stick-meta":"","astra-migrate-meta-layouts":"set","ast-page-background-enabled":"default","ast-page-background-meta":{"desktop":{"background-color":"","background-image":"","background-repeat":"repeat","background-position":"center center","background-size":"auto","background-attachment":"scroll","background-type":"","background-media":"","overlay-type":"","overlay-color":"","overlay-opacity":"","overlay-gradient":""},"tablet":{"background-color":"","background-image":"","background-repeat":"repeat","background-position":"center center","background-size":"auto","background-attachment":"scroll","background-type":"","background-media":"","overlay-type":"","overlay-color":"","overlay-opacity":"","overlay-gradient":""},"mobile":{"background-color":"","background-image":"","background-repeat":"repeat","background-position":"center center","background-size":"auto","background-attachment":"scroll","background-type":"","background-media":"","overlay-type":"","overlay-color":"","overlay-opacity":"","overlay-gradient":""}},"ast-content-background-meta":{"desktop":{"background-color":"var(--ast-global-color-5)","background-image":"","background-repeat":"repeat","background-position":"center center","background-size":"auto","background-attachment":"scroll","background-type":"","background-media":"","overlay-type":"","overlay-color":"","overlay-opacity":"","overlay-gradient":""},"tablet":{"background-color":"var(--ast-global-color-5)","background-image":"","background-repeat":"repeat","background-position":"center center","background-size":"auto","background-attachment":"scroll","background-type":"","background-media":"","overlay-type":"","overlay-color":"","overlay-opacity":"","overlay-gradient":""},"mobile":{"background-color":"var(--ast-global-color-5)","background-image":"","background-repeat":"repeat","background-position":"center center","background-size":"auto","background-attachment":"scroll","background-type":"","background-media":"","overlay-type":"","overlay-color":"","overlay-opacity":"","overlay-gradient":""}},"footnotes":""},"class_list":["post-5303","page","type-page","status-publish","hentry"],"uagb_featured_image_src":{"full":false,"thumbnail":false,"medium":false,"medium_large":false,"large":false,"1536x1536":false,"2048x2048":false},"uagb_author_info":{"display_name":"admin","author_link":"https:\/\/chimerakultur.pl\/?author=1"},"uagb_comment_info":0,"uagb_excerpt":"\u00a7 1 Fundacja pod nazw\u0105 Fundacja \u201eChimera Kultur\u201d, zwana dalej Fundacj\u0105, ustanowiona przez Vasyla Herasymchuka, Hann\u0119 Yaminsk\u0105, Olh\u0119 Sydorenko, Kristin\u0119 Kozlov\u0105 zwanych dalej fundatorami, aktem notarialnym sporz\u0105dzonym przez zast\u0119pc\u0119 notarialnego Katarzyn\u0119 Kuci\u0144sk\u0105-Tomczyk, zast\u0119puj\u0105c\u0105 notariusz Ew\u0119 Knuplerz, w kancelarii notarialnej Knuplerz&amp;Partnerzy notariusze \u2013 Grzeg\u00f3rzecka sp\u00f3\u0142ka partnerska w Krakowie przy ul. Grzeg\u00f3rzeckiej nr 105\/1, w dniu 22.07.2023&hellip;","_links":{"self":[{"href":"https:\/\/chimerakultur.pl\/index.php?rest_route=\/wp\/v2\/pages\/5303","targetHints":{"allow":["GET"]}}],"collection":[{"href":"https:\/\/chimerakultur.pl\/index.php?rest_route=\/wp\/v2\/pages"}],"about":[{"href":"https:\/\/chimerakultur.pl\/index.php?rest_route=\/wp\/v2\/types\/page"}],"author":[{"embeddable":true,"href":"https:\/\/chimerakultur.pl\/index.php?rest_route=\/wp\/v2\/users\/1"}],"replies":[{"embeddable":true,"href":"https:\/\/chimerakultur.pl\/index.php?rest_route=%2Fwp%2Fv2%2Fcomments&post=5303"}],"version-history":[{"count":3,"href":"https:\/\/chimerakultur.pl\/index.php?rest_route=\/wp\/v2\/pages\/5303\/revisions"}],"predecessor-version":[{"id":7356,"href":"https:\/\/chimerakultur.pl\/index.php?rest_route=\/wp\/v2\/pages\/5303\/revisions\/7356"}],"wp:attachment":[{"href":"https:\/\/chimerakultur.pl\/index.php?rest_route=%2Fwp%2Fv2%2Fmedia&parent=5303"}],"curies":[{"name":"wp","href":"https:\/\/api.w.org\/{rel}","templated":true}]}}